{"id":44,"date":"2025-10-14T13:08:46","date_gmt":"2025-10-14T13:08:46","guid":{"rendered":"http:\/\/calaism.cluster021.hosting.ovh.net\/?page_id=44"},"modified":"2026-04-26T20:03:31","modified_gmt":"2026-04-26T20:03:31","slug":"prochaines-sessions","status":"publish","type":"page","link":"http:\/\/calaism.cluster021.hosting.ovh.net\/index.php\/prochaines-sessions\/","title":{"rendered":"Prochaines sessions"},"content":{"rendered":"\t\t<div data-elementor-type=\"wp-page\" data-elementor-id=\"44\" class=\"elementor elementor-44\">\n\t\t\t\t<div class=\"elementor-element elementor-element-ce9f9fb e-flex e-con-boxed wpr-particle-no wpr-jarallax-no wpr-parallax-no wpr-sticky-section-no e-con e-child\" data-id=\"ce9f9fb\" data-element_type=\"container\">\n\t\t\t\t\t<div class=\"e-con-inner\">\n\t\t\t\t<div class=\"elementor-element elementor-element-d34f19f elementor-widget elementor-widget-text-editor\" data-id=\"d34f19f\" data-element_type=\"widget\" data-widget_type=\"text-editor.default\">\n\t\t\t\t\t\t\t\t\t<h1><strong>Prochaines sessions 2026<\/strong><\/h1>\t\t\t\t\t\t\t\t<\/div>\n\t\t<div class=\"elementor-element elementor-element-bcc0f35 e-con-full e-grid wpr-particle-no wpr-jarallax-no wpr-parallax-no wpr-sticky-section-no e-con e-child\" data-id=\"bcc0f35\" data-element_type=\"container\">\n\t\t<div class=\"elementor-element elementor-element-1f1aab3 e-con-full e-flex wpr-particle-no wpr-jarallax-no wpr-parallax-no wpr-sticky-section-no e-con e-child\" data-id=\"1f1aab3\" data-element_type=\"container\">\n\t\t\t\t<div class=\"elementor-element elementor-element-0fe8093 elementor-widget elementor-widget-image\" data-id=\"0fe8093\" data-element_type=\"widget\" data-widget_type=\"image.default\">\n\t\t\t\t\t\t\t\t\t\t\t\t\t\t\t<img fetchpriority=\"high\" decoding=\"async\" width=\"2560\" height=\"1707\" src=\"http:\/\/calaism.cluster021.hosting.ovh.net\/wp-content\/uploads\/2025\/10\/marine-parking-boats-yachts-turkey-yacht-docked-sea-port-scaled.jpg\" class=\"attachment-full size-full wp-image-104\" alt=\"Permis c\u00f4tier\" srcset=\"http:\/\/calaism.cluster021.hosting.ovh.net\/wp-content\/uploads\/2025\/10\/marine-parking-boats-yachts-turkey-yacht-docked-sea-port-scaled.jpg 2560w, http:\/\/calaism.cluster021.hosting.ovh.net\/wp-content\/uploads\/2025\/10\/marine-parking-boats-yachts-turkey-yacht-docked-sea-port-300x200.jpg 300w, http:\/\/calaism.cluster021.hosting.ovh.net\/wp-content\/uploads\/2025\/10\/marine-parking-boats-yachts-turkey-yacht-docked-sea-port-1024x683.jpg 1024w, http:\/\/calaism.cluster021.hosting.ovh.net\/wp-content\/uploads\/2025\/10\/marine-parking-boats-yachts-turkey-yacht-docked-sea-port-768x512.jpg 768w, http:\/\/calaism.cluster021.hosting.ovh.net\/wp-content\/uploads\/2025\/10\/marine-parking-boats-yachts-turkey-yacht-docked-sea-port-1536x1024.jpg 1536w, http:\/\/calaism.cluster021.hosting.ovh.net\/wp-content\/uploads\/2025\/10\/marine-parking-boats-yachts-turkey-yacht-docked-sea-port-2048x1365.jpg 2048w\" sizes=\"(max-width: 2560px) 100vw, 2560px\" \/>\t\t\t\t\t\t\t\t\t\t\t\t\t\t\t<\/div>\n\t\t\t\t<div class=\"elementor-element elementor-element-e9552fa elementor-widget__width-inherit elementor-widget elementor-widget-heading\" data-id=\"e9552fa\" data-element_type=\"widget\" data-widget_type=\"heading.default\">\n\t\t\t\t\t<h5 class=\"elementor-heading-title elementor-size-default\">Permis mer - option \"c\u00f4ti\u00e8re\"<\/h5>\t\t\t\t<\/div>\n\t\t\t\t<div class=\"elementor-element elementor-element-39379eb elementor-widget__width-inherit elementor-widget elementor-widget-text-editor\" data-id=\"39379eb\" data-element_type=\"widget\" data-widget_type=\"text-editor.default\">\n\t\t\t\t\t\t\t\t\t<h5>Sessions de formation th\u00e9orique<\/h5><div><h6>Prochaines sessions:<\/h6><ul><li><h6><b>Samedi 20 juin 2026\u00a0<\/b><b> <\/b>9h-12h30 et 13h30-17h30<br \/>cours th\u00e9orique + pratique collective<\/h6><\/li><li><h6><b>Samedi 4 juillet 2026\u00a0<\/b><b> <\/b>9h-12h30 et 13h30-17h30<br \/>cours th\u00e9orique + pratique collective<\/h6><\/li><\/ul><\/div>\t\t\t\t\t\t\t\t<\/div>\n\t\t\t\t<div class=\"elementor-element elementor-element-fd2e228 elementor-widget__width-inherit elementor-widget elementor-widget-text-editor\" data-id=\"fd2e228\" data-element_type=\"widget\" data-widget_type=\"text-editor.default\">\n\t\t\t\t\t\t\t\t\t<div><div><h5>Examens de la partie th\u00e9orique<\/h5><\/div><\/div><div><div><b>Des sessions d&rsquo;examen th\u00e9orique ont lieu chaque jour, du lundi au samedi. Nous choisirons ensemble un cr\u00e9neau qui vous convient en fonction de vos disponibilit\u00e9s.<\/b><br \/><b><br \/><\/b>Nous nous occupons des formalit\u00e9s d&rsquo;inscription dans un centre au plus proche de chez vous.<\/div><div>Le jour de l&rsquo;\u00e9preuve, n&rsquo;oubliez pas de vous munir d&rsquo;une pi\u00e8ce d&rsquo;identit\u00e9.<\/div><div><p><u>Attention: aucune date d&rsquo;examen ne peut \u00eatre garantie tant que nous ne sommes pas en possession de votre dossier d&rsquo;inscription complet.<\/u><\/p><\/div><\/div>\t\t\t\t\t\t\t\t<\/div>\n\t\t\t\t<div class=\"elementor-element elementor-element-a606f6c elementor-widget__width-inherit elementor-widget elementor-widget-text-editor\" data-id=\"a606f6c\" data-element_type=\"widget\" data-widget_type=\"text-editor.default\">\n\t\t\t\t\t\t\t\t\t<h5>Examen de la partie pratique<\/h5><p>Les cours individuels pour la formation pratique sont donn\u00e9s sur rendez-vous, sans contrainte de mar\u00e9e. La validation des comp\u00e9tences se fait par contr\u00f4le continu.<\/p>\t\t\t\t\t\t\t\t<\/div>\n\t\t\t\t<\/div>\n\t\t<div class=\"elementor-element elementor-element-08a6ee6 e-con-full e-flex wpr-particle-no wpr-jarallax-no wpr-parallax-no wpr-sticky-section-no e-con e-child\" data-id=\"08a6ee6\" data-element_type=\"container\">\n\t\t\t\t<div class=\"elementor-element elementor-element-afc9f24 elementor-widget elementor-widget-image\" data-id=\"afc9f24\" data-element_type=\"widget\" data-widget_type=\"image.default\">\n\t\t\t\t\t\t\t\t\t\t\t\t\t\t\t<img decoding=\"async\" src=\"http:\/\/calaism.cluster021.hosting.ovh.net\/wp-content\/uploads\/2025\/10\/mesmerizing-view-boat-calm-sea-foggy-day-1-scaled.jpg\" title=\"mesmerizing-view-boat-calm-sea-foggy-day\" alt=\"Permis hauturier\" loading=\"lazy\" \/>\t\t\t\t\t\t\t\t\t\t\t\t\t\t\t<\/div>\n\t\t\t\t<div class=\"elementor-element elementor-element-b8093ab elementor-widget__width-inherit elementor-widget elementor-widget-heading\" data-id=\"b8093ab\" data-element_type=\"widget\" data-widget_type=\"heading.default\">\n\t\t\t\t\t<h5 class=\"elementor-heading-title elementor-size-default\">Permis mer - option \"hauturi\u00e8re\"<\/h5>\t\t\t\t<\/div>\n\t\t\t\t<div class=\"elementor-element elementor-element-4920ebf elementor-widget__width-inherit elementor-widget elementor-widget-text-editor\" data-id=\"4920ebf\" data-element_type=\"widget\" data-widget_type=\"text-editor.default\">\n\t\t\t\t\t\t\t\t\t<h5>Sessions de formation th\u00e9orique<\/h5><div><ul><li><h6>Prochaine session:<\/h6><p><span style=\"text-decoration: underline;\"><b>Janvier \/ F\u00e9vrier <span style=\"color: #ff0000; text-decoration: underline;\">2027<\/span>\u00a0&#8211; <\/b><\/span><u><b>5 semaines de formation:<\/b><\/u><\/p><div><div dir=\"ltr\">Mercredi 6 janvier 2027, 18h30 \u00e0 20h30 \/ Samedi 9 janvier 2026, 9h \u00e0 12h<\/div><div dir=\"ltr\">\u00a0<\/div><div dir=\"ltr\">Mercredi 13 janvier 18h30 \u00e0 20h30 \/ Samedi 16 janvier 9h \u00e0 12h<\/div><div dir=\"ltr\">\u00a0<\/div><div dir=\"ltr\">Mercredi 20 janvier 18h30 \u00e0 20h30 \/ Samedi 23 janvier 9h \u00e0 12h<\/div><div dir=\"ltr\">\u00a0<\/div><div dir=\"ltr\">Mercredi 27 janvier 18h30 \u00e0 20h30 \/ Samedi 30 janvier 9h \u00e0 12h<\/div><div dir=\"ltr\">\u00a0<\/div><div dir=\"ltr\">Mercredi 3 f\u00e9vrier 18h30 \u00e0 20h30 \/ Samedi 6 f\u00e9vrier 9h \u00e0 12h<\/div><p><b>\u00a0<\/b><\/p><\/div><\/li><\/ul><div>Les personnes int\u00e9ress\u00e9es pour la formation \u00e0 l&rsquo;extension \u00ab\u00a0hauturi\u00e8re\u00a0\u00bb sont invit\u00e9es \u00e0 nous donner leurs coordonn\u00e9es le plus rapidement possible: 1 seule session de formation est organis\u00e9e chaque ann\u00e9e et le nombre de places est limit\u00e9.<\/div><\/div>\t\t\t\t\t\t\t\t<\/div>\n\t\t\t\t<div class=\"elementor-element elementor-element-a343b0e elementor-widget__width-inherit elementor-widget elementor-widget-text-editor\" data-id=\"a343b0e\" data-element_type=\"widget\" data-widget_type=\"text-editor.default\">\n\t\t\t\t\t\t\t\t\t<div><div><h5>Examen<\/h5><\/div><\/div><div><div><div><div>L&rsquo;examen est programm\u00e9 cons\u00e9cutivement \u00e0 chaque session de formation. Les examens de l&rsquo;extension hauturi\u00e8re se d\u00e9roulent \u00e0 Boulogne\/mer.<\/div><\/div><\/div><div><div><b><br \/><\/b><b><br \/><\/b><\/div><\/div><div><div><b>Attention: aucun candidat ne pourra \u00eatre inscrit \u00e0 l&rsquo;examen tant que le dossier complet ne sera pas parvenu au\u00a0secr\u00e9tariat et valid\u00e9 par les Affaires Maritimes. Transmettez-nous votre dossier complet le plus rapidement possible !<\/b><\/div><div>\u00a0<\/div><div><b>Les formations programm\u00e9es ont lieu sous r\u00e9serve d&rsquo;un nombre d&rsquo;inscrits suffisant.<\/b><\/div><\/div><\/div>\t\t\t\t\t\t\t\t<\/div>\n\t\t\t\t<\/div>\n\t\t<div class=\"elementor-element elementor-element-12bb6e8 e-con-full e-flex wpr-particle-no wpr-jarallax-no wpr-parallax-no wpr-sticky-section-no e-con e-child\" data-id=\"12bb6e8\" data-element_type=\"container\">\n\t\t\t\t<div class=\"elementor-element elementor-element-5fb8a28 elementor-widget elementor-widget-image\" data-id=\"5fb8a28\" data-element_type=\"widget\" data-widget_type=\"image.default\">\n\t\t\t\t\t\t\t\t\t\t\t\t\t\t\t<img decoding=\"async\" width=\"2560\" height=\"1707\" src=\"http:\/\/calaism.cluster021.hosting.ovh.net\/wp-content\/uploads\/2025\/10\/sailboat-sea-evening-sunlight-beautiful-sea-luxury-summer-adventure-active-vacation-mediterranean-sea-turkey-scaled.jpg\" class=\"attachment-full size-full wp-image-107\" alt=\"Permis eaux int\u00e9rieures\" srcset=\"http:\/\/calaism.cluster021.hosting.ovh.net\/wp-content\/uploads\/2025\/10\/sailboat-sea-evening-sunlight-beautiful-sea-luxury-summer-adventure-active-vacation-mediterranean-sea-turkey-scaled.jpg 2560w, http:\/\/calaism.cluster021.hosting.ovh.net\/wp-content\/uploads\/2025\/10\/sailboat-sea-evening-sunlight-beautiful-sea-luxury-summer-adventure-active-vacation-mediterranean-sea-turkey-300x200.jpg 300w, http:\/\/calaism.cluster021.hosting.ovh.net\/wp-content\/uploads\/2025\/10\/sailboat-sea-evening-sunlight-beautiful-sea-luxury-summer-adventure-active-vacation-mediterranean-sea-turkey-1024x683.jpg 1024w, http:\/\/calaism.cluster021.hosting.ovh.net\/wp-content\/uploads\/2025\/10\/sailboat-sea-evening-sunlight-beautiful-sea-luxury-summer-adventure-active-vacation-mediterranean-sea-turkey-768x512.jpg 768w, http:\/\/calaism.cluster021.hosting.ovh.net\/wp-content\/uploads\/2025\/10\/sailboat-sea-evening-sunlight-beautiful-sea-luxury-summer-adventure-active-vacation-mediterranean-sea-turkey-1536x1024.jpg 1536w, http:\/\/calaism.cluster021.hosting.ovh.net\/wp-content\/uploads\/2025\/10\/sailboat-sea-evening-sunlight-beautiful-sea-luxury-summer-adventure-active-vacation-mediterranean-sea-turkey-2048x1365.jpg 2048w\" sizes=\"(max-width: 2560px) 100vw, 2560px\" \/>\t\t\t\t\t\t\t\t\t\t\t\t\t\t\t<\/div>\n\t\t\t\t<div class=\"elementor-element elementor-element-8ea514f elementor-widget__width-inherit elementor-widget elementor-widget-heading\" data-id=\"8ea514f\" data-element_type=\"widget\" data-widget_type=\"heading.default\">\n\t\t\t\t\t<h5 class=\"elementor-heading-title elementor-size-default\">Permis eaux int\u00e9rieures<\/h5>\t\t\t\t<\/div>\n\t\t\t\t<div class=\"elementor-element elementor-element-66a4d6a elementor-widget__width-inherit elementor-widget elementor-widget-text-editor\" data-id=\"66a4d6a\" data-element_type=\"widget\" data-widget_type=\"text-editor.default\">\n\t\t\t\t\t\t\t\t\t<h5>Sessions de formation th\u00e9orique<\/h5><div><p>Pour les titulaires du permis mer option c\u00f4ti\u00e8re, nous proposons une <strong>formation 100% \u00e0 distance en e-learning<\/strong>. Contactez-nous pour davantage d&rsquo;informations.<\/p><\/div>\t\t\t\t\t\t\t\t<\/div>\n\t\t\t\t<div class=\"elementor-element elementor-element-2539ad0 elementor-widget__width-inherit elementor-widget elementor-widget-text-editor\" data-id=\"2539ad0\" data-element_type=\"widget\" data-widget_type=\"text-editor.default\">\n\t\t\t\t\t\t\t\t\t<div><div><h5>Examens de la partie th\u00e9orique<\/h5><\/div><\/div><div><div><div><div><b>Des sessions d&rsquo;examen th\u00e9orique ont lieu chaque jour, du lundi au samedi. Nous choisirons ensemble un cr\u00e9neau qui vous convient en fonction de vos disponibilit\u00e9s.<\/b><br \/><b><br \/><\/b>Nous nous occupons des formalit\u00e9s d&rsquo;inscription dans un centre au plus proche de chez vous.<\/div><div>Le jour de l&rsquo;\u00e9preuve, n&rsquo;oubliez pas de vous munir d&rsquo;une pi\u00e8ce d&rsquo;identit\u00e9.<\/div><div><u>Attention: aucune date d&rsquo;examen ne peut \u00eatre garantie tant que nous ne sommes pas en possession de votre dossier d&rsquo;inscription complet.<\/u><\/div><\/div><\/div><\/div>\t\t\t\t\t\t\t\t<\/div>\n\t\t\t\t<\/div>\n\t\t<div class=\"elementor-element elementor-element-17bcd20 e-con-full e-flex wpr-particle-no wpr-jarallax-no wpr-parallax-no wpr-sticky-section-no e-con e-child\" data-id=\"17bcd20\" data-element_type=\"container\">\n\t\t\t\t<div class=\"elementor-element elementor-element-55fff4c elementor-widget elementor-widget-image\" data-id=\"55fff4c\" data-element_type=\"widget\" data-widget_type=\"image.default\">\n\t\t\t\t\t\t\t\t\t\t\t\t\t\t\t<img decoding=\"async\" width=\"2560\" height=\"1707\" src=\"http:\/\/calaism.cluster021.hosting.ovh.net\/wp-content\/uploads\/2025\/11\/oxana-melis-tUu1WN8MuNE-unsplash-scaled.jpg\" class=\"attachment-full size-full wp-image-354\" alt=\"\" srcset=\"http:\/\/calaism.cluster021.hosting.ovh.net\/wp-content\/uploads\/2025\/11\/oxana-melis-tUu1WN8MuNE-unsplash-scaled.jpg 2560w, http:\/\/calaism.cluster021.hosting.ovh.net\/wp-content\/uploads\/2025\/11\/oxana-melis-tUu1WN8MuNE-unsplash-300x200.jpg 300w, http:\/\/calaism.cluster021.hosting.ovh.net\/wp-content\/uploads\/2025\/11\/oxana-melis-tUu1WN8MuNE-unsplash-1024x683.jpg 1024w, http:\/\/calaism.cluster021.hosting.ovh.net\/wp-content\/uploads\/2025\/11\/oxana-melis-tUu1WN8MuNE-unsplash-768x512.jpg 768w, http:\/\/calaism.cluster021.hosting.ovh.net\/wp-content\/uploads\/2025\/11\/oxana-melis-tUu1WN8MuNE-unsplash-1536x1024.jpg 1536w\" sizes=\"(max-width: 2560px) 100vw, 2560px\" \/>\t\t\t\t\t\t\t\t\t\t\t\t\t\t\t<\/div>\n\t\t\t\t<div class=\"elementor-element elementor-element-e7ae780 elementor-widget__width-inherit elementor-widget elementor-widget-heading\" data-id=\"e7ae780\" data-element_type=\"widget\" data-widget_type=\"heading.default\">\n\t\t\t\t\t<h5 class=\"elementor-heading-title elementor-size-default\">Permis VHF CCR<\/h5>\t\t\t\t<\/div>\n\t\t\t\t<div class=\"elementor-element elementor-element-b992a86 elementor-widget__width-inherit elementor-widget elementor-widget-text-editor\" data-id=\"b992a86\" data-element_type=\"widget\" data-widget_type=\"text-editor.default\">\n\t\t\t\t\t\t\t\t\t<h5>Sessions de formation th\u00e9orique<\/h5><div><p>Pour les titulaires du permis mer option c\u00f4ti\u00e8re, nous proposons une formation 100% \u00e0 distance en e-learning. Contactez-nous pour davantage d&rsquo;informations.<\/p><\/div>\t\t\t\t\t\t\t\t<\/div>\n\t\t\t\t<div class=\"elementor-element elementor-element-d043dd8 elementor-widget__width-inherit elementor-widget elementor-widget-text-editor\" data-id=\"d043dd8\" data-element_type=\"widget\" data-widget_type=\"text-editor.default\">\n\t\t\t\t\t\t\t\t\t<div><div><h5>Examens de la partie th\u00e9orique<\/h5><\/div><\/div><div><div><div><div><b>Les sessions d&rsquo;examen sont organis\u00e9es par l&rsquo;Agence Nationale des Fr\u00e9quences Radio.<\/b><\/div><div>\u00a0<\/div><div>Vous devez vous-m\u00eame proc\u00e9der \u00e0 votre inscription et au paiement des frais d&rsquo;examen mais nous vous transmettrons toutes les informations pour accomplir cette proc\u00e9dure.<\/div><div>Le jour de l&rsquo;\u00e9preuve, n&rsquo;oubliez pas de vous munir d&rsquo;une pi\u00e8ce d&rsquo;identit\u00e9.<\/div><\/div><\/div><\/div>\t\t\t\t\t\t\t\t<\/div>\n\t\t\t\t<\/div>\n\t\t\t\t<\/div>\n\t\t\t\t\t<\/div>\n\t\t\t\t<\/div>\n\t\t\t\t<\/div>\n\t\t","protected":false},"excerpt":{"rendered":"<p>Prochaines sessions 2026 Permis mer &#8211; option \u00ab\u00a0c\u00f4ti\u00e8re\u00a0\u00bb Sessions de formation th\u00e9orique Prochaines sessions: Samedi 20 juin 2026\u00a0 9h-12h30 et 13h30-17h30cours th\u00e9orique + pratique collective Samedi 4 juillet 2026\u00a0 9h-12h30 et 13h30-17h30cours th\u00e9orique + pratique collective Examens de la partie th\u00e9orique Des sessions d&rsquo;examen th\u00e9orique ont lieu chaque jour, du lundi au samedi. Nous choisirons ensemble un cr\u00e9neau qui vous convient en fonction de vos disponibilit\u00e9s.Nous nous occupons des formalit\u00e9s d&rsquo;inscription dans un centre au plus proche de chez vous.Le jour de l&rsquo;\u00e9preuve, n&rsquo;oubliez pas de vous munir d&rsquo;une pi\u00e8ce d&rsquo;identit\u00e9. Attention: aucune date d&rsquo;examen ne peut \u00eatre garantie tant que nous ne sommes pas en possession de votre dossier d&rsquo;inscription complet. Examen de la partie pratique Les cours individuels pour la formation pratique sont donn\u00e9s sur rendez-vous, sans contrainte de mar\u00e9e. La validation des comp\u00e9tences se fait par contr\u00f4le continu. Permis mer &#8211; option \u00ab\u00a0hauturi\u00e8re\u00a0\u00bb Sessions de formation th\u00e9orique Prochaine session: Janvier \/ F\u00e9vrier 2027\u00a0&#8211; 5 semaines de formation: Mercredi 6 janvier 2027, 18h30 \u00e0 20h30 \/ Samedi 9 janvier 2026, 9h \u00e0 12h\u00a0Mercredi 13 janvier 18h30 \u00e0 20h30 \/ Samedi 16 janvier 9h \u00e0 12h\u00a0Mercredi 20 janvier 18h30 \u00e0 20h30 \/ Samedi 23 janvier 9h \u00e0 12h\u00a0Mercredi 27 janvier 18h30 \u00e0 20h30 \/ Samedi 30 janvier 9h \u00e0 12h\u00a0Mercredi 3 f\u00e9vrier 18h30 \u00e0 20h30 \/ Samedi 6 f\u00e9vrier 9h \u00e0 12h \u00a0 Les personnes int\u00e9ress\u00e9es pour la formation \u00e0 l&rsquo;extension \u00ab\u00a0hauturi\u00e8re\u00a0\u00bb sont invit\u00e9es \u00e0 nous donner leurs coordonn\u00e9es le plus rapidement possible: 1 seule session de formation est organis\u00e9e chaque ann\u00e9e et le nombre de places est limit\u00e9. Examen L&rsquo;examen est programm\u00e9 cons\u00e9cutivement \u00e0 chaque session de formation. Les examens de l&rsquo;extension hauturi\u00e8re se d\u00e9roulent \u00e0 Boulogne\/mer.Attention: aucun candidat ne pourra \u00eatre inscrit \u00e0 l&rsquo;examen tant que le dossier complet ne sera pas parvenu au\u00a0secr\u00e9tariat et valid\u00e9 par les Affaires Maritimes. Transmettez-nous votre dossier complet le plus rapidement possible !\u00a0Les formations programm\u00e9es ont lieu sous r\u00e9serve d&rsquo;un nombre d&rsquo;inscrits suffisant. Permis eaux int\u00e9rieures Sessions de formation th\u00e9orique Pour les titulaires du permis mer option c\u00f4ti\u00e8re, nous proposons une formation 100% \u00e0 distance en e-learning. Contactez-nous pour davantage d&rsquo;informations. Examens de la partie th\u00e9orique Des sessions d&rsquo;examen th\u00e9orique ont lieu chaque jour, du lundi au samedi. Nous choisirons ensemble un cr\u00e9neau qui vous convient en fonction de vos disponibilit\u00e9s.Nous nous occupons des formalit\u00e9s d&rsquo;inscription dans un centre au plus proche de chez vous.Le jour de l&rsquo;\u00e9preuve, n&rsquo;oubliez pas de vous munir d&rsquo;une pi\u00e8ce d&rsquo;identit\u00e9.Attention: aucune date d&rsquo;examen ne peut \u00eatre garantie tant que nous ne sommes pas en possession de votre dossier d&rsquo;inscription complet. Permis VHF CCR Sessions de formation th\u00e9orique Pour les titulaires du permis mer option c\u00f4ti\u00e8re, nous proposons une formation 100% \u00e0 distance en e-learning. Contactez-nous pour davantage d&rsquo;informations. Examens de la partie th\u00e9orique Les sessions d&rsquo;examen sont organis\u00e9es par l&rsquo;Agence Nationale des Fr\u00e9quences Radio.\u00a0Vous devez vous-m\u00eame proc\u00e9der \u00e0 votre inscription et au paiement des frais d&rsquo;examen mais nous vous transmettrons toutes les informations pour accomplir cette proc\u00e9dure.Le jour de l&rsquo;\u00e9preuve, n&rsquo;oubliez pas de vous munir d&rsquo;une pi\u00e8ce d&rsquo;identit\u00e9.<\/p>\n","protected":false},"author":1,"featured_media":0,"parent":0,"menu_order":0,"comment_status":"closed","ping_status":"closed","template":"elementor_header_footer","meta":{"footnotes":""},"class_list":["post-44","page","type-page","status-publish","hentry"],"_links":{"self":[{"href":"http:\/\/calaism.cluster021.hosting.ovh.net\/index.php\/wp-json\/wp\/v2\/pages\/44","targetHints":{"allow":["GET"]}}],"collection":[{"href":"http:\/\/calaism.cluster021.hosting.ovh.net\/index.php\/wp-json\/wp\/v2\/pages"}],"about":[{"href":"http:\/\/calaism.cluster021.hosting.ovh.net\/index.php\/wp-json\/wp\/v2\/types\/page"}],"author":[{"embeddable":true,"href":"http:\/\/calaism.cluster021.hosting.ovh.net\/index.php\/wp-json\/wp\/v2\/users\/1"}],"replies":[{"embeddable":true,"href":"http:\/\/calaism.cluster021.hosting.ovh.net\/index.php\/wp-json\/wp\/v2\/comments?post=44"}],"version-history":[{"count":56,"href":"http:\/\/calaism.cluster021.hosting.ovh.net\/index.php\/wp-json\/wp\/v2\/pages\/44\/revisions"}],"predecessor-version":[{"id":441,"href":"http:\/\/calaism.cluster021.hosting.ovh.net\/index.php\/wp-json\/wp\/v2\/pages\/44\/revisions\/441"}],"wp:attachment":[{"href":"http:\/\/calaism.cluster021.hosting.ovh.net\/index.php\/wp-json\/wp\/v2\/media?parent=44"}],"curies":[{"name":"wp","href":"https:\/\/api.w.org\/{rel}","templated":true}]}}